{"id":521,"date":"2020-06-09T14:30:46","date_gmt":"2020-06-09T12:30:46","guid":{"rendered":"https:\/\/lafermedes5sens.com\/?post_type=product&#038;p=521"},"modified":"2024-08-25T05:31:12","modified_gmt":"2024-08-25T03:31:12","slug":"he-de-thym-a-linalol-5-ml","status":"publish","type":"product","link":"https:\/\/lafermedes5sens.com\/index.php\/produit\/he-de-thym-a-linalol-5-ml\/","title":{"rendered":"HE Thym \u00e0 linalol (5 ml)"},"content":{"rendered":"<h6><span style=\"color: #ff6600;\">Description du produit<\/span><\/h6>\n<p>Flacon en verre teint\u00e9 (5 ml), avec compte-goutte et s\u00e9curit\u00e9 enfant.<\/p>\n<h6><span style=\"color: #ff6600;\">Pr\u00e9cautions d&#8217;emploi<\/span><\/h6>\n<p>Tenir hors de la port\u00e9e des enfants. S&#8217;informer du bon usage des huiles essentielles avant utilisation.<\/p>\n<h6><span style=\"color: #ff6600;\">Dans l&#8217;intimit\u00e9 de la plante<br \/>\n<\/span><\/h6>\n<p>Fr\u00eale buisson un peu d\u00e9garni, le Thym arbore timidement ses d\u00e9licates et si petites fleurs ros\u00e9es. Bouquet de papillons sous le soleil estival.<\/p>\n<p>Dans son ouvrage de caract\u00e9rologie <em>La nouvelle aromath\u00e9rapie<\/em>,\u00a0Philippe Mailhebiau \u00e9crit au sujet du Thym \u00e0 linalol :\u00a0<em>&#8220;Plante d&#8217;altitude, de pousse clairsem\u00e9e, [c&#8217;]est une essence d&#8217;apparition r\u00e9cente en pleine \u00e9volution. Le personnage qui lui correspond est un \u00eatre jeune, un caract\u00e8re nouveau qui se r\u00e9v\u00e8le peu \u00e0 peu sous l&#8217;impulsion de l&#8217;\u00e8re qui \u00e9merge.&#8221;<\/em><\/p>\n","protected":false},"excerpt":{"rendered":"<p>Huile essentielle de Thym \u00e0 linalol\u00a0<em>(Thymus vulgaris sb linalol<\/em>), 100% pure et naturelle.<\/p>\n<p>Distillation des parties a\u00e9riennes, issues de nos cultures biologiques (Corr\u00e8ze).<\/p>\n<p>Sp\u00e9cificit\u00e9 biochimique : linalol (Michel Faucon, <em>Trait\u00e9 d&#8217;aromath\u00e9rapie scientifique et m\u00e9dicale<\/em>).<\/p>\n","protected":false},"featured_media":154,"comment_status":"open","ping_status":"closed","template":"","meta":[],"yoast_head":"<!-- This site is optimized with the Yoast SEO plugin v15.4 - https:\/\/yoast.com\/wordpress\/plugins\/seo\/ -->\n<title>HE Thym \u00e0 linalol (5 ml) - La Ferme des 5 sens<\/title>\n<meta name=\"description\" content=\"Acheter de l&#039;huile essentielle de Thym \u00e0 linalol bio \u00e0 une productrice-distillatrice de Corr\u00e8ze (France).\" \/>\n<meta name=\"robots\" content=\"index, follow, max-snippet:-1, max-image-preview:large, max-video-preview:-1\" \/>\n<link rel=\"canonical\" href=\"https:\/\/lafermedes5sens.com\/index.php\/produit\/he-de-thym-a-linalol-5-ml\/\" \/>\n<meta property=\"og:locale\" content=\"fr_FR\" \/>\n<meta property=\"og:type\" content=\"article\" \/>\n<meta property=\"og:title\" content=\"HE Thym \u00e0 linalol (5 ml) - La Ferme des 5 sens\" \/>\n<meta property=\"og:description\" content=\"Acheter de l&#039;huile essentielle de Thym \u00e0 linalol bio \u00e0 une productrice-distillatrice de Corr\u00e8ze (France).\" \/>\n<meta property=\"og:url\" content=\"https:\/\/lafermedes5sens.com\/index.php\/produit\/he-de-thym-a-linalol-5-ml\/\" \/>\n<meta property=\"og:site_name\" content=\"La Ferme des 5 sens\" \/>\n<meta property=\"article:modified_time\" content=\"2024-08-25T03:31:12+00:00\" \/>\n<meta property=\"og:image\" content=\"https:\/\/lafermedes5sens.com\/wp-content\/uploads\/2020\/01\/test_prod_Plan-de-travail-1-1.png\" \/>\n\t<meta property=\"og:image:width\" content=\"834\" \/>\n\t<meta property=\"og:image:height\" content=\"834\" \/>\n<meta name=\"twitter:card\" content=\"summary_large_image\" \/>\n<meta name=\"twitter:label1\" content=\"\u00c9crit par\">\n\t<meta name=\"twitter:data1\" content=\"admin5827\">\n\t<meta name=\"twitter:label2\" content=\"Dur\u00e9e de lecture est.\">\n\t<meta name=\"twitter:data2\" content=\"1 minute\">\n<script type=\"application\/ld+json\" class=\"yoast-schema-graph\">{\"@context\":\"https:\/\/schema.org\",\"@graph\":[{\"@type\":\"WebSite\",\"@id\":\"https:\/\/lafermedes5sens.com\/#website\",\"url\":\"https:\/\/lafermedes5sens.com\/\",\"name\":\"La Ferme des 5 sens\",\"description\":\"\",\"potentialAction\":[{\"@type\":\"SearchAction\",\"target\":\"https:\/\/lafermedes5sens.com\/?s={search_term_string}\",\"query-input\":\"required name=search_term_string\"}],\"inLanguage\":\"fr-FR\"},{\"@type\":\"ImageObject\",\"@id\":\"https:\/\/lafermedes5sens.com\/index.php\/produit\/he-de-thym-a-linalol-5-ml\/#primaryimage\",\"inLanguage\":\"fr-FR\",\"url\":\"https:\/\/lafermedes5sens.com\/wp-content\/uploads\/2020\/01\/test_prod_Plan-de-travail-1-1.png\",\"width\":834,\"height\":834},{\"@type\":\"WebPage\",\"@id\":\"https:\/\/lafermedes5sens.com\/index.php\/produit\/he-de-thym-a-linalol-5-ml\/#webpage\",\"url\":\"https:\/\/lafermedes5sens.com\/index.php\/produit\/he-de-thym-a-linalol-5-ml\/\",\"name\":\"HE Thym \\u00e0 linalol (5 ml) - La Ferme des 5 sens\",\"isPartOf\":{\"@id\":\"https:\/\/lafermedes5sens.com\/#website\"},\"primaryImageOfPage\":{\"@id\":\"https:\/\/lafermedes5sens.com\/index.php\/produit\/he-de-thym-a-linalol-5-ml\/#primaryimage\"},\"datePublished\":\"2020-06-09T12:30:46+00:00\",\"dateModified\":\"2024-08-25T03:31:12+00:00\",\"description\":\"Acheter de l'huile essentielle de Thym \\u00e0 linalol bio \\u00e0 une productrice-distillatrice de Corr\\u00e8ze (France).\",\"inLanguage\":\"fr-FR\",\"potentialAction\":[{\"@type\":\"ReadAction\",\"target\":[\"https:\/\/lafermedes5sens.com\/index.php\/produit\/he-de-thym-a-linalol-5-ml\/\"]}]}]}<\/script>\n<!-- \/ Yoast SEO plugin. -->","_links":{"self":[{"href":"https:\/\/lafermedes5sens.com\/index.php\/wp-json\/wp\/v2\/product\/521"}],"collection":[{"href":"https:\/\/lafermedes5sens.com\/index.php\/wp-json\/wp\/v2\/product"}],"about":[{"href":"https:\/\/lafermedes5sens.com\/index.php\/wp-json\/wp\/v2\/types\/product"}],"replies":[{"embeddable":true,"href":"https:\/\/lafermedes5sens.com\/index.php\/wp-json\/wp\/v2\/comments?post=521"}],"wp:featuredmedia":[{"embeddable":true,"href":"https:\/\/lafermedes5sens.com\/index.php\/wp-json\/wp\/v2\/media\/154"}],"wp:attachment":[{"href":"https:\/\/lafermedes5sens.com\/index.php\/wp-json\/wp\/v2\/media?parent=521"}],"curies":[{"name":"wp","href":"https:\/\/api.w.org\/{rel}","templated":true}]}}