{"id":80,"date":"2020-01-26T20:48:25","date_gmt":"2020-01-26T19:48:25","guid":{"rendered":"http:\/\/lafermedes5sens.com\/?page_id=80"},"modified":"2020-11-04T10:32:48","modified_gmt":"2020-11-04T09:32:48","slug":"le-maraichage","status":"publish","type":"page","link":"https:\/\/lafermedes5sens.com\/index.php\/le-maraichage\/","title":{"rendered":"Le mara\u00eechage"},"content":{"rendered":"\t\t<div data-elementor-type=\"wp-page\" data-elementor-id=\"80\" class=\"elementor elementor-80\" data-elementor-settings=\"[]\">\n\t\t\t\t\t\t<div class=\"elementor-inner\">\n\t\t\t\t\t\t\t<div class=\"elementor-section-wrap\">\n\t\t\t\t\t\t\t<section class=\"elementor-section elementor-top-section elementor-element elementor-element-0757a33 elementor-section-content-middle elementor-section-boxed elementor-section-height-default elementor-section-height-default\" data-id=\"0757a33\" data-element_type=\"section\">\n\t\t\t\t\t\t<div class=\"elementor-container elementor-column-gap-default\">\n\t\t\t\t\t\t\t<div class=\"elementor-row\">\n\t\t\t\t\t<div class=\"elementor-column elementor-col-66 elementor-top-column elementor-element elementor-element-7f9c117\" data-id=\"7f9c117\" data-element_type=\"column\">\n\t\t\t<div class=\"elementor-column-wrap elementor-element-populated\">\n\t\t\t\t\t\t\t<div class=\"elementor-widget-wrap\">\n\t\t\t\t\t\t<div class=\"elementor-element elementor-element-1773b42 elementor-widget elementor-widget-text-editor\" data-id=\"1773b42\" data-element_type=\"widget\" data-widget_type=\"text-editor.default\">\n\t\t\t\t<div class=\"elementor-widget-container\">\n\t\t\t\t\t<div class=\"elementor-text-editor elementor-clearfix\"><p>Avant la reprise de la ferme, l\u2019atelier mara\u00eechage s\u2019\u00e9tendait sur 2,5 ha de plein champ et 1500 m\u00b2 de serres. Etaient essentiellement cultiv\u00e9es des salades (6 vari\u00e9t\u00e9s) et des courgettes, sur une p\u00e9riode allant de mars \u00e0 fin octobre. Les l\u00e9gumes \u00e9taient en rotation avec des cultures fourrag\u00e8res et la totalit\u00e9 des plants \u00e9tait produite sur la ferme.<\/p>\n<p><span style=\"font-size: 1rem;\">Cet atelier fonctionnel et rentable a \u00e9t\u00e9 conserv\u00e9 apr\u00e8s la reprise de la ferme en janvier 2016. Ga\u00ebl l\u2019a progressivement transform\u00e9 pour l\u2019adapter aux modes de production et de commercialisation sp\u00e9cifiques \u00e0 l\u2019<\/span><span style=\"font-size: 1rem; font-weight: bold;\">agriculture biologique<\/span><span style=\"font-size: 1rem;\">. Il a \u00e9galement souhait\u00e9 le diversifier, par int\u00e9r\u00eat personnel mais aussi pour proposer une plus large gamme de l\u00e9gumes. Ce sont aujourd\u2019hui une quinzaine d\u2019esp\u00e8ces qui sont cultiv\u00e9es&nbsp;: la&nbsp;<\/span><span style=\"font-size: 1rem; font-weight: bold;\">salade<\/span><span style=\"font-size: 1rem;\">&nbsp;reste notre principale production (Batavia, feuilles de Ch\u00eane, Laitue) et nous continuons \u00e0 produire des&nbsp;<\/span><span style=\"font-size: 1rem; font-weight: bold;\">courgettes<\/span><span style=\"font-size: 1rem;\">, mais nous y avons progressivement adjoint des&nbsp;<\/span><span style=\"font-size: 1rem; font-weight: bold;\">pommes de terre<\/span><span style=\"font-size: 1rem;\">&nbsp;(Altesse, Dalida, Nicola), des&nbsp;<\/span><span style=\"font-size: 1rem; font-weight: bold;\">courges<\/span><span style=\"font-size: 1rem;\">&nbsp;(Butternut, Potimarron, bleue de Hongrie\u2026), des&nbsp;<\/span><span style=\"font-size: 1rem; font-weight: bold;\">oignons<\/span><span style=\"font-size: 1rem;\">, des&nbsp;<\/span><span style=\"font-size: 1rem; font-weight: bold;\">carottes<\/span><span style=\"font-size: 1rem;\">, des&nbsp;<\/span><span style=\"font-size: 1rem; font-weight: bold;\">navets<\/span><span style=\"font-size: 1rem;\">, des&nbsp;<\/span><span style=\"font-size: 1rem; font-weight: bold;\">rutabagas<\/span><span style=\"font-size: 1rem;\">, des&nbsp;<\/span><span style=\"font-size: 1rem; font-weight: bold;\">radis<\/span><span style=\"font-size: 1rem;\">, des&nbsp;<\/span><span style=\"font-size: 1rem; font-weight: bold;\">\u00e9pinards<\/span><span style=\"font-size: 1rem;\">, de la&nbsp;<\/span><span style=\"font-size: 1rem; font-weight: bold;\">m\u00e2che<\/span><span style=\"font-size: 1rem;\">&#8230;<\/span><\/p>\n<p><span style=\"font-size: 1rem;\">Nos l\u00e9gumes sont distribu\u00e9s <b>\u00e0 la ferme<\/b>, dans des <b>magasins de producteurs<\/b>, dans des petites et moyennes surfaces ou encore via des paniers command\u00e9s par internet (voir l\u2019onglet&nbsp;<\/span><em style=\"font-size: 1rem;\"><a href=\"https:\/\/lafermedes5sens.com\/index.php\/a-propos-de\/\">\u00ab&nbsp;Nous trouver&nbsp;\u00bb<\/a><\/em><span style=\"font-size: 1rem;\">).<\/span><\/p><\/div>\n\t\t\t\t<\/div>\n\t\t\t\t<\/div>\n\t\t\t\t\t\t<\/div>\n\t\t\t\t\t<\/div>\n\t\t<\/div>\n\t\t\t\t<div class=\"elementor-column elementor-col-33 elementor-top-column elementor-element elementor-element-09b2dcc\" data-id=\"09b2dcc\" data-element_type=\"column\">\n\t\t\t<div class=\"elementor-column-wrap elementor-element-populated\">\n\t\t\t\t\t\t\t<div class=\"elementor-widget-wrap\">\n\t\t\t\t\t\t<div class=\"elementor-element elementor-element-08a2031 elementor-widget elementor-widget-image\" data-id=\"08a2031\" data-element_type=\"widget\" data-widget_type=\"image.default\">\n\t\t\t\t<div class=\"elementor-widget-container\">\n\t\t\t\t\t<div class=\"elementor-image\">\n\t\t\t\t\t\t\t<figure class=\"wp-caption\">\n\t\t\t\t\t\t\t\t\t\t<img width=\"525\" height=\"394\" src=\"https:\/\/lafermedes5sens.com\/wp-content\/uploads\/2020\/05\/IMGP0662-1024x768.jpg\" class=\"attachment-large size-large\" alt=\"Feuille de Ch\u00eane blonde\" loading=\"lazy\" srcset=\"https:\/\/lafermedes5sens.com\/wp-content\/uploads\/2020\/05\/IMGP0662-1024x768.jpg 1024w, https:\/\/lafermedes5sens.com\/wp-content\/uploads\/2020\/05\/IMGP0662-300x225.jpg 300w, https:\/\/lafermedes5sens.com\/wp-content\/uploads\/2020\/05\/IMGP0662-768x576.jpg 768w, https:\/\/lafermedes5sens.com\/wp-content\/uploads\/2020\/05\/IMGP0662-1536x1152.jpg 1536w, https:\/\/lafermedes5sens.com\/wp-content\/uploads\/2020\/05\/IMGP0662-2048x1536.jpg 2048w, https:\/\/lafermedes5sens.com\/wp-content\/uploads\/2020\/05\/IMGP0662-350x263.jpg 350w\" sizes=\"100vw\" \/>\t\t\t\t\t\t\t\t\t\t\t<figcaption class=\"widget-image-caption wp-caption-text\">Feuille de Ch\u00eane blonde<\/figcaption>\n\t\t\t\t\t\t\t\t\t\t<\/figure>\n\t\t\t\t\t<\/div>\n\t\t\t\t<\/div>\n\t\t\t\t<\/div>\n\t\t\t\t<div class=\"elementor-element elementor-element-d235ea5 elementor-widget elementor-widget-image\" data-id=\"d235ea5\" data-element_type=\"widget\" data-widget_type=\"image.default\">\n\t\t\t\t<div class=\"elementor-widget-container\">\n\t\t\t\t\t<div class=\"elementor-image\">\n\t\t\t\t\t\t\t<figure class=\"wp-caption\">\n\t\t\t\t\t\t\t\t\t\t<img width=\"525\" height=\"394\" src=\"https:\/\/lafermedes5sens.com\/wp-content\/uploads\/2020\/05\/DSCN0511-1024x768.jpg\" class=\"attachment-large size-large\" alt=\"Salades sous serre\" loading=\"lazy\" srcset=\"https:\/\/lafermedes5sens.com\/wp-content\/uploads\/2020\/05\/DSCN0511-1024x768.jpg 1024w, https:\/\/lafermedes5sens.com\/wp-content\/uploads\/2020\/05\/DSCN0511-300x225.jpg 300w, https:\/\/lafermedes5sens.com\/wp-content\/uploads\/2020\/05\/DSCN0511-768x576.jpg 768w, https:\/\/lafermedes5sens.com\/wp-content\/uploads\/2020\/05\/DSCN0511-1536x1152.jpg 1536w, https:\/\/lafermedes5sens.com\/wp-content\/uploads\/2020\/05\/DSCN0511-2048x1536.jpg 2048w, https:\/\/lafermedes5sens.com\/wp-content\/uploads\/2020\/05\/DSCN0511-350x263.jpg 350w\" sizes=\"100vw\" \/>\t\t\t\t\t\t\t\t\t\t\t<figcaption class=\"widget-image-caption wp-caption-text\">R\u00e9colte des salades sous serre<\/figcaption>\n\t\t\t\t\t\t\t\t\t\t<\/figure>\n\t\t\t\t\t<\/div>\n\t\t\t\t<\/div>\n\t\t\t\t<\/div>\n\t\t\t\t\t\t<\/div>\n\t\t\t\t\t<\/div>\n\t\t<\/div>\n\t\t\t\t\t\t\t\t<\/div>\n\t\t\t\t\t<\/div>\n\t\t<\/section>\n\t\t\t\t<section class=\"elementor-section elementor-top-section elementor-element elementor-element-f438073 elementor-section-boxed elementor-section-height-default elementor-section-height-default\" data-id=\"f438073\" data-element_type=\"section\">\n\t\t\t\t\t\t<div class=\"elementor-container elementor-column-gap-wide\">\n\t\t\t\t\t\t\t<div class=\"elementor-row\">\n\t\t\t\t\t<div class=\"elementor-column elementor-col-33 elementor-top-column elementor-element elementor-element-1bf9a14\" data-id=\"1bf9a14\" data-element_type=\"column\">\n\t\t\t<div class=\"elementor-column-wrap elementor-element-populated\">\n\t\t\t\t\t\t\t<div class=\"elementor-widget-wrap\">\n\t\t\t\t\t\t<div class=\"elementor-element elementor-element-bf79033 elementor-widget elementor-widget-image\" data-id=\"bf79033\" data-element_type=\"widget\" data-widget_type=\"image.default\">\n\t\t\t\t<div class=\"elementor-widget-container\">\n\t\t\t\t\t<div class=\"elementor-image\">\n\t\t\t\t\t\t\t<figure class=\"wp-caption\">\n\t\t\t\t\t\t\t\t\t\t<img width=\"525\" height=\"295\" src=\"https:\/\/lafermedes5sens.com\/wp-content\/uploads\/2020\/05\/P1150417-1024x575.jpg\" class=\"attachment-large size-large\" alt=\"Bande fleurie en bordure des salades\" loading=\"lazy\" srcset=\"https:\/\/lafermedes5sens.com\/wp-content\/uploads\/2020\/05\/P1150417-1024x575.jpg 1024w, https:\/\/lafermedes5sens.com\/wp-content\/uploads\/2020\/05\/P1150417-300x169.jpg 300w, https:\/\/lafermedes5sens.com\/wp-content\/uploads\/2020\/05\/P1150417-768x432.jpg 768w, https:\/\/lafermedes5sens.com\/wp-content\/uploads\/2020\/05\/P1150417-1536x863.jpg 1536w, https:\/\/lafermedes5sens.com\/wp-content\/uploads\/2020\/05\/P1150417-2048x1151.jpg 2048w, https:\/\/lafermedes5sens.com\/wp-content\/uploads\/2020\/05\/P1150417-350x197.jpg 350w\" sizes=\"100vw\" \/>\t\t\t\t\t\t\t\t\t\t\t<figcaption class=\"widget-image-caption wp-caption-text\">Engrais vert en bordure des salades<\/figcaption>\n\t\t\t\t\t\t\t\t\t\t<\/figure>\n\t\t\t\t\t<\/div>\n\t\t\t\t<\/div>\n\t\t\t\t<\/div>\n\t\t\t\t<div class=\"elementor-element elementor-element-6f8b6ac elementor-widget elementor-widget-image\" data-id=\"6f8b6ac\" data-element_type=\"widget\" data-widget_type=\"image.default\">\n\t\t\t\t<div class=\"elementor-widget-container\">\n\t\t\t\t\t<div class=\"elementor-image\">\n\t\t\t\t\t\t\t<figure class=\"wp-caption\">\n\t\t\t\t\t\t\t\t\t\t<img width=\"525\" height=\"295\" src=\"https:\/\/lafermedes5sens.com\/wp-content\/uploads\/2020\/05\/P1150414-1024x575.jpg\" class=\"attachment-large size-large\" alt=\"All\u00e9e enherb\u00e9e et bande fleurie\" loading=\"lazy\" srcset=\"https:\/\/lafermedes5sens.com\/wp-content\/uploads\/2020\/05\/P1150414-1024x575.jpg 1024w, https:\/\/lafermedes5sens.com\/wp-content\/uploads\/2020\/05\/P1150414-300x169.jpg 300w, https:\/\/lafermedes5sens.com\/wp-content\/uploads\/2020\/05\/P1150414-768x432.jpg 768w, https:\/\/lafermedes5sens.com\/wp-content\/uploads\/2020\/05\/P1150414-1536x863.jpg 1536w, https:\/\/lafermedes5sens.com\/wp-content\/uploads\/2020\/05\/P1150414-2048x1151.jpg 2048w, https:\/\/lafermedes5sens.com\/wp-content\/uploads\/2020\/05\/P1150414-350x197.jpg 350w\" sizes=\"100vw\" \/>\t\t\t\t\t\t\t\t\t\t\t<figcaption class=\"widget-image-caption wp-caption-text\">Oignons avoisinant une all\u00e9e enherb\u00e9e et une bande fleurie<\/figcaption>\n\t\t\t\t\t\t\t\t\t\t<\/figure>\n\t\t\t\t\t<\/div>\n\t\t\t\t<\/div>\n\t\t\t\t<\/div>\n\t\t\t\t<div class=\"elementor-element elementor-element-3b78033 elementor-widget elementor-widget-image\" data-id=\"3b78033\" data-element_type=\"widget\" data-widget_type=\"image.default\">\n\t\t\t\t<div class=\"elementor-widget-container\">\n\t\t\t\t\t<div class=\"elementor-image\">\n\t\t\t\t\t\t\t<figure class=\"wp-caption\">\n\t\t\t\t\t\t\t\t\t\t<img width=\"525\" height=\"295\" src=\"https:\/\/lafermedes5sens.com\/wp-content\/uploads\/2020\/05\/P1150415-1024x575.jpg\" class=\"attachment-large size-large\" alt=\"Salades de plein champ\" loading=\"lazy\" srcset=\"https:\/\/lafermedes5sens.com\/wp-content\/uploads\/2020\/05\/P1150415-1024x575.jpg 1024w, https:\/\/lafermedes5sens.com\/wp-content\/uploads\/2020\/05\/P1150415-300x169.jpg 300w, https:\/\/lafermedes5sens.com\/wp-content\/uploads\/2020\/05\/P1150415-768x432.jpg 768w, https:\/\/lafermedes5sens.com\/wp-content\/uploads\/2020\/05\/P1150415-1536x863.jpg 1536w, https:\/\/lafermedes5sens.com\/wp-content\/uploads\/2020\/05\/P1150415-2048x1151.jpg 2048w, https:\/\/lafermedes5sens.com\/wp-content\/uploads\/2020\/05\/P1150415-350x197.jpg 350w\" sizes=\"100vw\" \/>\t\t\t\t\t\t\t\t\t\t\t<figcaption class=\"widget-image-caption wp-caption-text\">Salades de plein champ<\/figcaption>\n\t\t\t\t\t\t\t\t\t\t<\/figure>\n\t\t\t\t\t<\/div>\n\t\t\t\t<\/div>\n\t\t\t\t<\/div>\n\t\t\t\t\t\t<\/div>\n\t\t\t\t\t<\/div>\n\t\t<\/div>\n\t\t\t\t<div class=\"elementor-column elementor-col-66 elementor-top-column elementor-element elementor-element-e601c68\" data-id=\"e601c68\" data-element_type=\"column\">\n\t\t\t<div class=\"elementor-column-wrap elementor-element-populated\">\n\t\t\t\t\t\t\t<div class=\"elementor-widget-wrap\">\n\t\t\t\t\t\t<div class=\"elementor-element elementor-element-c5bf1a3 elementor-widget elementor-widget-text-editor\" data-id=\"c5bf1a3\" data-element_type=\"widget\" data-widget_type=\"text-editor.default\">\n\t\t\t\t<div class=\"elementor-widget-container\">\n\t\t\t\t\t<div class=\"elementor-text-editor elementor-clearfix\"><p style=\"margin-bottom: 18pt; background-image: initial; background-position: initial; background-size: initial; background-repeat: initial; background-attachment: initial; background-origin: initial; background-clip: initial;\"><span style=\"font-family: asap, serif;\">Anim\u00e9 autant par le d\u00e9sir d&#8217;exp\u00e9rimenter que par celui de gagner du temps et de l\u2019\u00e9nergie, Ga\u00ebl met en place des <b>pratiques agro-\u00e9cologiques<\/b> sur l\u2019atelier mara\u00eechage :<\/span><\/p><ul><li><b>Couverture des sols par des engrais verts<\/b> (Sorgho sous serre, essai de divers m\u00e9langes l\u00e9gumineuses\/c\u00e9r\u00e9ales). Les <b>engrais verts<\/b> ont \u00e9galement vocation \u00e0 devenir des fourrages pour les vaches et les brebis si les conditions climatiques deviennent trop extr\u00eames.\u00a0<\/li><li>Utilisation des <b>fumiers <\/b>de la ferme (autonomie !) et <b>apport de carbone<\/b> avec la\u00a0 paille des m\u00e9teils et r\u00e9sidus de distillation (bient\u00f4t du bois et du compost v\u00e9g\u00e9tal).\u00a0<\/li><li><b>Occultation du sol<\/b> avec une toile tiss\u00e9e pour pr\u00e9parer une implantation de carottes sur un sol \u00ab\u00a0d\u00e9sherb\u00e9\u00a0\u00bb.\u00a0<\/li><li><b>Enherbement <\/b>et tonte <b>des all\u00e9es<\/b> des courgettes.\u00a0<\/li><li><b>Associations de cultures<\/b>, souvent avec des radis ou des oignons frais.\u00a0<\/li><li>Culture des courges sur <b>toile tiss\u00e9e<\/b> et\u00a0essai d\u2019<b>association<\/b> avec des haricots verts.\u00a0<\/li><li>Pour les cultures longues comme le rutabaga ou les oignons de conservation, on r\u00e9alise des\u00a0<b>semis en p\u00e9pini\u00e8re<\/b>\u00a0que l&#8217;on repique ensuite. On gagne ainsi un mois de d\u00e9sherbage au minimum\u00a0!!\u00a0<\/li><li>Essai de <b>paillage biod\u00e9gradable<\/b>\u00a0: chanvre-lin, foin, \u00ab\u00a0plastique\u00a0\u00bb\u00a0noir en amidon.<\/li><li><b>Suivi de l\u2019azote disponible<\/b> dans le sol pour ajuster la fertilisation.\u00a0<\/li><\/ul><p style=\"margin-bottom: 18pt; background-image: initial; background-position: initial; background-size: initial; background-repeat: initial; background-attachment: initial; background-origin: initial; background-clip: initial; text-align: center;\"><span style=\"font-family: asap, serif;\">\u2192 Pour acheter nos l\u00e9gumes,\u00a0<i><a href=\"https:\/\/lafermedes5sens.com\/index.php\/a-propos-de\/\">c&#8217;est par ici<\/a><\/i>\u00a0!<\/span><\/p><\/div>\n\t\t\t\t<\/div>\n\t\t\t\t<\/div>\n\t\t\t\t\t\t<\/div>\n\t\t\t\t\t<\/div>\n\t\t<\/div>\n\t\t\t\t\t\t\t\t<\/div>\n\t\t\t\t\t<\/div>\n\t\t<\/section>\n\t\t\t\t\t\t<\/div>\n\t\t\t\t\t\t<\/div>\n\t\t\t\t\t<\/div>\n\t\t","protected":false},"excerpt":{"rendered":"<p>Avant la reprise de la ferme, l\u2019atelier mara\u00eechage s\u2019\u00e9tendait sur 2,5 ha de plein champ et 1500 m\u00b2 de serres. Etaient essentiellement cultiv\u00e9es des salades (6 vari\u00e9t\u00e9s) et des courgettes, sur une p\u00e9riode allant de mars \u00e0 fin octobre. Les l\u00e9gumes \u00e9taient en rotation avec des cultures fourrag\u00e8res et la totalit\u00e9 des plants \u00e9tait produite &hellip; <\/p>\n<p class=\"link-more\"><a href=\"https:\/\/lafermedes5sens.com\/index.php\/le-maraichage\/\" class=\"more-link\">Continuer la lecture<span class=\"screen-reader-text\"> de &laquo;&nbsp;Le mara\u00eechage&nbsp;&raquo;<\/span><\/a><\/p>\n","protected":false},"author":1,"featured_media":0,"parent":0,"menu_order":0,"comment_status":"closed","ping_status":"closed","template":"","meta":[],"yoast_head":"<!-- This site is optimized with the Yoast SEO plugin v15.4 - https:\/\/yoast.com\/wordpress\/plugins\/seo\/ -->\n<title>Le mara\u00eechage - La Ferme des 5 sens<\/title>\n<meta name=\"description\" content=\"Ga\u00ebl cultive une quinzaine de l\u00e9gumes bio. Il met en place des pratiques agro-\u00e9cologiques pour pr\u00e9server les sols et les \u00e9cosyst\u00e8mes qui gravitent autour.\" \/>\n<meta name=\"robots\" content=\"index, follow, max-snippet:-1, max-image-preview:large, max-video-preview:-1\" \/>\n<link rel=\"canonical\" href=\"https:\/\/lafermedes5sens.com\/index.php\/le-maraichage\/\" \/>\n<meta property=\"og:locale\" content=\"fr_FR\" \/>\n<meta property=\"og:type\" content=\"article\" \/>\n<meta property=\"og:title\" content=\"Le mara\u00eechage - La Ferme des 5 sens\" \/>\n<meta property=\"og:description\" content=\"Ga\u00ebl cultive une quinzaine de l\u00e9gumes bio. Il met en place des pratiques agro-\u00e9cologiques pour pr\u00e9server les sols et les \u00e9cosyst\u00e8mes qui gravitent autour.\" \/>\n<meta property=\"og:url\" content=\"https:\/\/lafermedes5sens.com\/index.php\/le-maraichage\/\" \/>\n<meta property=\"og:site_name\" content=\"La Ferme des 5 sens\" \/>\n<meta property=\"article:modified_time\" content=\"2020-11-04T09:32:48+00:00\" \/>\n<meta property=\"og:image\" content=\"https:\/\/lafermedes5sens.com\/wp-content\/uploads\/2020\/05\/IMGP0662-1024x768.jpg\" \/>\n<meta name=\"twitter:card\" content=\"summary_large_image\" \/>\n<meta name=\"twitter:label1\" content=\"\u00c9crit par\">\n\t<meta name=\"twitter:data1\" content=\"admin5827\">\n\t<meta name=\"twitter:label2\" content=\"Dur\u00e9e de lecture est.\">\n\t<meta name=\"twitter:data2\" content=\"2 minutes\">\n<script type=\"application\/ld+json\" class=\"yoast-schema-graph\">{\"@context\":\"https:\/\/schema.org\",\"@graph\":[{\"@type\":\"WebSite\",\"@id\":\"https:\/\/lafermedes5sens.com\/#website\",\"url\":\"https:\/\/lafermedes5sens.com\/\",\"name\":\"La Ferme des 5 sens\",\"description\":\"\",\"potentialAction\":[{\"@type\":\"SearchAction\",\"target\":\"https:\/\/lafermedes5sens.com\/?s={search_term_string}\",\"query-input\":\"required name=search_term_string\"}],\"inLanguage\":\"fr-FR\"},{\"@type\":\"ImageObject\",\"@id\":\"https:\/\/lafermedes5sens.com\/index.php\/le-maraichage\/#primaryimage\",\"inLanguage\":\"fr-FR\",\"url\":\"https:\/\/lafermedes5sens.com\/wp-content\/uploads\/2020\/05\/IMGP0662-1024x768.jpg\"},{\"@type\":\"WebPage\",\"@id\":\"https:\/\/lafermedes5sens.com\/index.php\/le-maraichage\/#webpage\",\"url\":\"https:\/\/lafermedes5sens.com\/index.php\/le-maraichage\/\",\"name\":\"Le mara\\u00eechage - La Ferme des 5 sens\",\"isPartOf\":{\"@id\":\"https:\/\/lafermedes5sens.com\/#website\"},\"primaryImageOfPage\":{\"@id\":\"https:\/\/lafermedes5sens.com\/index.php\/le-maraichage\/#primaryimage\"},\"datePublished\":\"2020-01-26T19:48:25+00:00\",\"dateModified\":\"2020-11-04T09:32:48+00:00\",\"description\":\"Ga\\u00ebl cultive une quinzaine de l\\u00e9gumes bio. Il met en place des pratiques agro-\\u00e9cologiques pour pr\\u00e9server les sols et les \\u00e9cosyst\\u00e8mes qui gravitent autour.\",\"inLanguage\":\"fr-FR\",\"potentialAction\":[{\"@type\":\"ReadAction\",\"target\":[\"https:\/\/lafermedes5sens.com\/index.php\/le-maraichage\/\"]}]}]}<\/script>\n<!-- \/ Yoast SEO plugin. -->","_links":{"self":[{"href":"https:\/\/lafermedes5sens.com\/index.php\/wp-json\/wp\/v2\/pages\/80"}],"collection":[{"href":"https:\/\/lafermedes5sens.com\/index.php\/wp-json\/wp\/v2\/pages"}],"about":[{"href":"https:\/\/lafermedes5sens.com\/index.php\/wp-json\/wp\/v2\/types\/page"}],"author":[{"embeddable":true,"href":"https:\/\/lafermedes5sens.com\/index.php\/wp-json\/wp\/v2\/users\/1"}],"replies":[{"embeddable":true,"href":"https:\/\/lafermedes5sens.com\/index.php\/wp-json\/wp\/v2\/comments?post=80"}],"version-history":[{"count":11,"href":"https:\/\/lafermedes5sens.com\/index.php\/wp-json\/wp\/v2\/pages\/80\/revisions"}],"predecessor-version":[{"id":587,"href":"https:\/\/lafermedes5sens.com\/index.php\/wp-json\/wp\/v2\/pages\/80\/revisions\/587"}],"wp:attachment":[{"href":"https:\/\/lafermedes5sens.com\/index.php\/wp-json\/wp\/v2\/media?parent=80"}],"curies":[{"name":"wp","href":"https:\/\/api.w.org\/{rel}","templated":true}]}}