{"id":104,"date":"2020-01-26T21:25:10","date_gmt":"2020-01-26T20:25:10","guid":{"rendered":"http:\/\/lafermedes5sens.com\/?page_id=104"},"modified":"2021-05-25T17:31:25","modified_gmt":"2021-05-25T15:31:25","slug":"le-sechage-des-plantes","status":"publish","type":"page","link":"https:\/\/lafermedes5sens.com\/index.php\/le-sechage-des-plantes\/","title":{"rendered":"Le s\u00e9chage des plantes"},"content":{"rendered":"\t\t<div data-elementor-type=\"wp-page\" data-elementor-id=\"104\" class=\"elementor elementor-104\" data-elementor-settings=\"[]\">\n\t\t\t\t\t\t<div class=\"elementor-inner\">\n\t\t\t\t\t\t\t<div class=\"elementor-section-wrap\">\n\t\t\t\t\t\t\t<section class=\"elementor-section elementor-top-section elementor-element elementor-element-190ba1cc elementor-section-boxed elementor-section-height-default elementor-section-height-default\" data-id=\"190ba1cc\" data-element_type=\"section\">\n\t\t\t\t\t\t<div class=\"elementor-container elementor-column-gap-default\">\n\t\t\t\t\t\t\t<div class=\"elementor-row\">\n\t\t\t\t\t<div class=\"elementor-column elementor-col-100 elementor-top-column elementor-element elementor-element-65fedf6e\" data-id=\"65fedf6e\" data-element_type=\"column\">\n\t\t\t<div class=\"elementor-column-wrap elementor-element-populated\">\n\t\t\t\t\t\t\t<div class=\"elementor-widget-wrap\">\n\t\t\t\t\t\t<section class=\"elementor-section elementor-inner-section elementor-element elementor-element-2d62a13 elementor-section-content-top elementor-section-boxed elementor-section-height-default elementor-section-height-default\" data-id=\"2d62a13\" data-element_type=\"section\">\n\t\t\t\t\t\t<div class=\"elementor-container elementor-column-gap-default\">\n\t\t\t\t\t\t\t<div class=\"elementor-row\">\n\t\t\t\t\t<div class=\"elementor-column elementor-col-66 elementor-inner-column elementor-element elementor-element-2e40523\" data-id=\"2e40523\" data-element_type=\"column\">\n\t\t\t<div class=\"elementor-column-wrap elementor-element-populated\">\n\t\t\t\t\t\t\t<div class=\"elementor-widget-wrap\">\n\t\t\t\t\t\t<div class=\"elementor-element elementor-element-f945071 elementor-widget elementor-widget-text-editor\" data-id=\"f945071\" data-element_type=\"widget\" data-widget_type=\"text-editor.default\">\n\t\t\t\t<div class=\"elementor-widget-container\">\n\t\t\t\t\t<div class=\"elementor-text-editor elementor-clearfix\"><p style=\"text-align: justify;\">Pour obtenir une&nbsp;<span style=\"font-weight: bold;\">plante s\u00e8che<\/span>&nbsp;de qualit\u00e9, il faut \u00eatre extr\u00eamement vigilant au moment de la r\u00e9colte&nbsp;: une bonne m\u00e9t\u00e9o est primordiale&nbsp;; puis il faut r\u00e9ussir \u00e0 acheminer rapidement les plantes vers le s\u00e9choir.<\/p><p style=\"text-align: justify;\"><span style=\"font-size: 1rem;\">Notre s\u00e9choir se compose de deux types de claies : de grandes claies pour les plantes cueillies en grandes quantit\u00e9s, telles la Verveine et la Menthe, et de plus petites pour les fleurs comme les camomilles, la Mauve&#8230;<\/span><\/p>\n<p style=\"text-align: justify;\"><span style=\"font-size: 1rem;\">Nous avons fait le choix de s\u00e9cher nos&nbsp;<\/span><span style=\"font-size: 1rem; font-weight: bold;\">plantes m\u00e9dicinales<\/span><span style=\"font-size: 1rem;\">&nbsp;par&nbsp;<\/span><span style=\"font-size: 1rem; font-weight: bold;\">ventilation naturelle<\/span><span style=\"font-size: 1rem;\">. Ainsi, nous r\u00e9coltons seulement lorsque la m\u00e9t\u00e9o des trois jours suivants est assez cl\u00e9mente pour permettre un bon s\u00e9chage&nbsp;(air chaud et sec). La temp\u00e9rature de s\u00e9chage se situe entre 25\u00b0C et 35\u00b0C selon les conditions m\u00e9t\u00e9orologiques. La&nbsp;<\/span><span style=\"font-size: 1rem; font-weight: bold;\">ventilation naturelle<\/span><span style=\"font-size: 1rem;\">&nbsp;permet une conservation optimale des<\/span><span style=\"font-size: 1rem; font-weight: bold;\">&nbsp;propri\u00e9t\u00e9s des plantes<\/span><span style=\"font-size: 1rem;\">&nbsp;et de leurs saveurs. Nous disposons \u00e9galement d\u2019un d\u00e9shumidificateur, que nous utilisons pour maintenir un faible taux d&#8217;humidit\u00e9 dans notre lieu de stockage. Il nous arrive de l\u2019employer en d\u00e9pannage pour le s\u00e9chage, dans le cas o\u00f9 la m\u00e9t\u00e9o nous joue des tours.&nbsp;<\/span><\/p><\/div>\n\t\t\t\t<\/div>\n\t\t\t\t<\/div>\n\t\t\t\t<div class=\"elementor-element elementor-element-3d14478 elementor-widget elementor-widget-text-editor\" data-id=\"3d14478\" data-element_type=\"widget\" data-widget_type=\"text-editor.default\">\n\t\t\t\t<div class=\"elementor-widget-container\">\n\t\t\t\t\t<div class=\"elementor-text-editor elementor-clearfix\"><p>Une fois s\u00e8ches, les plantes sont mond\u00e9es \u00e0 la main, m\u00e9lang\u00e9es \u2013 ou pas \u2013 puis conditionn\u00e9es en sachets de papier kraft, pour le plus grand plaisir de nos papilles !<\/p><p style=\"text-align: center;\">\u2192 Pour acheter nos\u00a0tisanes,\u00a0<a href=\"https:\/\/lafermedes5sens.com\/index.php\/boutique\/\">c&#8217;est par ici<\/a>\u00a0!<\/p><\/div>\n\t\t\t\t<\/div>\n\t\t\t\t<\/div>\n\t\t\t\t<div class=\"elementor-element elementor-element-38d7db6 elementor-widget elementor-widget-text-editor\" data-id=\"38d7db6\" data-element_type=\"widget\" data-widget_type=\"text-editor.default\">\n\t\t\t\t<div class=\"elementor-widget-container\">\n\t\t\t\t\t<div class=\"elementor-text-editor elementor-clearfix\"><\/div>\n\t\t\t\t<\/div>\n\t\t\t\t<\/div>\n\t\t\t\t\t\t<\/div>\n\t\t\t\t\t<\/div>\n\t\t<\/div>\n\t\t\t\t<div class=\"elementor-column elementor-col-33 elementor-inner-column elementor-element elementor-element-80b5805\" data-id=\"80b5805\" data-element_type=\"column\">\n\t\t\t<div class=\"elementor-column-wrap elementor-element-populated\">\n\t\t\t\t\t\t\t<div class=\"elementor-widget-wrap\">\n\t\t\t\t\t\t<div class=\"elementor-element elementor-element-9fe8de6 elementor-widget elementor-widget-image\" data-id=\"9fe8de6\" data-element_type=\"widget\" data-widget_type=\"image.default\">\n\t\t\t\t<div class=\"elementor-widget-container\">\n\t\t\t\t\t<div class=\"elementor-image\">\n\t\t\t\t\t\t\t<figure class=\"wp-caption\">\n\t\t\t\t\t\t\t\t\t\t<img width=\"525\" height=\"935\" src=\"https:\/\/lafermedes5sens.com\/wp-content\/uploads\/2020\/04\/P1150601-575x1024.jpg\" class=\"attachment-large size-large\" alt=\"Camomille matricaire\" loading=\"lazy\" srcset=\"https:\/\/lafermedes5sens.com\/wp-content\/uploads\/2020\/04\/P1150601-575x1024.jpg 575w, https:\/\/lafermedes5sens.com\/wp-content\/uploads\/2020\/04\/P1150601-169x300.jpg 169w, https:\/\/lafermedes5sens.com\/wp-content\/uploads\/2020\/04\/P1150601-768x1367.jpg 768w, https:\/\/lafermedes5sens.com\/wp-content\/uploads\/2020\/04\/P1150601-863x1536.jpg 863w, https:\/\/lafermedes5sens.com\/wp-content\/uploads\/2020\/04\/P1150601-1151x2048.jpg 1151w, https:\/\/lafermedes5sens.com\/wp-content\/uploads\/2020\/04\/P1150601-350x623.jpg 350w, https:\/\/lafermedes5sens.com\/wp-content\/uploads\/2020\/04\/P1150601-scaled.jpg 1439w\" sizes=\"100vw\" \/>\t\t\t\t\t\t\t\t\t\t\t<figcaption class=\"widget-image-caption wp-caption-text\">Camomille matricaire<\/figcaption>\n\t\t\t\t\t\t\t\t\t\t<\/figure>\n\t\t\t\t\t<\/div>\n\t\t\t\t<\/div>\n\t\t\t\t<\/div>\n\t\t\t\t\t\t<\/div>\n\t\t\t\t\t<\/div>\n\t\t<\/div>\n\t\t\t\t\t\t\t\t<\/div>\n\t\t\t\t\t<\/div>\n\t\t<\/section>\n\t\t\t\t<section class=\"elementor-section elementor-inner-section elementor-element elementor-element-069b4d1 elementor-section-content-middle elementor-section-boxed elementor-section-height-default elementor-section-height-default\" data-id=\"069b4d1\" data-element_type=\"section\">\n\t\t\t\t\t\t<div class=\"elementor-container elementor-column-gap-extended\">\n\t\t\t\t\t\t\t<div class=\"elementor-row\">\n\t\t\t\t\t<div class=\"elementor-column elementor-col-50 elementor-inner-column elementor-element elementor-element-be0b4bf\" data-id=\"be0b4bf\" data-element_type=\"column\">\n\t\t\t<div class=\"elementor-column-wrap elementor-element-populated\">\n\t\t\t\t\t\t\t<div class=\"elementor-widget-wrap\">\n\t\t\t\t\t\t<div class=\"elementor-element elementor-element-1011355 elementor-widget elementor-widget-image\" data-id=\"1011355\" data-element_type=\"widget\" data-widget_type=\"image.default\">\n\t\t\t\t<div class=\"elementor-widget-container\">\n\t\t\t\t\t<div class=\"elementor-image\">\n\t\t\t\t\t\t\t<figure class=\"wp-caption\">\n\t\t\t\t\t\t\t\t\t\t<img width=\"525\" height=\"312\" src=\"https:\/\/lafermedes5sens.com\/wp-content\/uploads\/2020\/04\/P1040862-2-1024x608.jpg\" class=\"attachment-large size-large\" alt=\"S\u00e9chage de Monarde\" loading=\"lazy\" srcset=\"https:\/\/lafermedes5sens.com\/wp-content\/uploads\/2020\/04\/P1040862-2-1024x608.jpg 1024w, https:\/\/lafermedes5sens.com\/wp-content\/uploads\/2020\/04\/P1040862-2-300x178.jpg 300w, https:\/\/lafermedes5sens.com\/wp-content\/uploads\/2020\/04\/P1040862-2-768x456.jpg 768w, https:\/\/lafermedes5sens.com\/wp-content\/uploads\/2020\/04\/P1040862-2-1536x912.jpg 1536w, https:\/\/lafermedes5sens.com\/wp-content\/uploads\/2020\/04\/P1040862-2-2048x1215.jpg 2048w, https:\/\/lafermedes5sens.com\/wp-content\/uploads\/2020\/04\/P1040862-2-350x208.jpg 350w\" sizes=\"100vw\" \/>\t\t\t\t\t\t\t\t\t\t\t<figcaption class=\"widget-image-caption wp-caption-text\">Monarde au s\u00e9choir<\/figcaption>\n\t\t\t\t\t\t\t\t\t\t<\/figure>\n\t\t\t\t\t<\/div>\n\t\t\t\t<\/div>\n\t\t\t\t<\/div>\n\t\t\t\t\t\t<\/div>\n\t\t\t\t\t<\/div>\n\t\t<\/div>\n\t\t\t\t<div class=\"elementor-column elementor-col-50 elementor-inner-column elementor-element elementor-element-7b5faf7\" data-id=\"7b5faf7\" data-element_type=\"column\">\n\t\t\t<div class=\"elementor-column-wrap elementor-element-populated\">\n\t\t\t\t\t\t\t<div class=\"elementor-widget-wrap\">\n\t\t\t\t\t\t<div class=\"elementor-element elementor-element-11b6f0e elementor-widget elementor-widget-text-editor\" data-id=\"11b6f0e\" data-element_type=\"widget\" data-widget_type=\"text-editor.default\">\n\t\t\t\t<div class=\"elementor-widget-container\">\n\t\t\t\t\t<div class=\"elementor-text-editor elementor-clearfix\"><p style=\"text-align: justify;\"><span style=\"font-size: 1rem;\">Le mondage \u2013 activit\u00e9 qui consiste \u00e0 donner \u00e0 la plante s\u00e8che sa forme finale, par exemple en s\u00e9parant les feuilles des tiges \u2013 est ici \u00e9voqu\u00e9 bri\u00e8vement, mais il nous occupe une bonne partie de l\u2019hiver et des jours de pluie. R\u00e9alis\u00e9 enti\u00e8rement \u00e0 la main, il est tr\u00e8s chronophage&nbsp;! Voici quelques chiffres pour vous en rendre compte&#8230;<\/span><\/p>\n<table style=\"width: 403px; text-align: justify; height: 172px;\">\n<tbody>\n<tr>\n<td data-align=\"center\">&nbsp;<\/td>\n<td style=\"text-align: center;\" data-align=\"center\"><span style=\"font-weight: bold;\">Temps de mondage n\u00e9cessaire&nbsp;<br>pour obtenir 100 g de tisane<br><br><\/span><\/td>\n<\/tr>\n<tr>\n<td style=\"text-align: center;\" data-align=\"center\"><span style=\"font-weight: bold;\">Verveine<\/span><\/td>\n<td style=\"text-align: center;\" data-align=\"center\">45 min<\/td>\n<\/tr>\n<tr>\n<td style=\"text-align: center;\" data-align=\"center\"><span style=\"font-weight: bold;\">Menthe<\/span><\/td>\n<td style=\"text-align: center;\" data-align=\"center\">1 h<\/td>\n<\/tr>\n<tr>\n<td style=\"text-align: center;\" data-align=\"center\"><span style=\"font-weight: bold;\"><\/span><br><\/td>\n<td style=\"text-align: center;\" data-align=\"center\"><br><\/td>\n<\/tr>\n<\/tbody>\n<\/table><\/div>\n\t\t\t\t<\/div>\n\t\t\t\t<\/div>\n\t\t\t\t\t\t<\/div>\n\t\t\t\t\t<\/div>\n\t\t<\/div>\n\t\t\t\t\t\t\t\t<\/div>\n\t\t\t\t\t<\/div>\n\t\t<\/section>\n\t\t\t\t<div class=\"elementor-element elementor-element-90e1974 elementor-arrows-position-inside elementor-pagination-position-outside elementor-widget elementor-widget-image-carousel\" data-id=\"90e1974\" data-element_type=\"widget\" data-settings=\"{&quot;navigation&quot;:&quot;both&quot;,&quot;autoplay&quot;:&quot;yes&quot;,&quot;pause_on_hover&quot;:&quot;yes&quot;,&quot;pause_on_interaction&quot;:&quot;yes&quot;,&quot;autoplay_speed&quot;:5000,&quot;infinite&quot;:&quot;yes&quot;,&quot;speed&quot;:500}\" data-widget_type=\"image-carousel.default\">\n\t\t\t\t<div class=\"elementor-widget-container\">\n\t\t\t\t\t<div class=\"elementor-image-carousel-wrapper swiper-container\" dir=\"ltr\">\n\t\t\t<div class=\"elementor-image-carousel swiper-wrapper\">\n\t\t\t\t<div class=\"swiper-slide\"><figure class=\"swiper-slide-inner\"><img class=\"swiper-slide-image\" src=\"https:\/\/lafermedes5sens.com\/wp-content\/uploads\/2020\/04\/P1180578-250x250.jpg\" alt=\"Fleurs de Thym\" \/><figcaption class=\"elementor-image-carousel-caption\">Thym<\/figcaption><\/figure><\/div><div class=\"swiper-slide\"><figure class=\"swiper-slide-inner\"><img class=\"swiper-slide-image\" src=\"https:\/\/lafermedes5sens.com\/wp-content\/uploads\/2020\/04\/P1040853-250x250.jpg\" alt=\"Culture de Monarde\" \/><figcaption class=\"elementor-image-carousel-caption\">Menthe et Monarde<\/figcaption><\/figure><\/div><div class=\"swiper-slide\"><figure class=\"swiper-slide-inner\"><img class=\"swiper-slide-image\" src=\"https:\/\/lafermedes5sens.com\/wp-content\/uploads\/2020\/04\/P1150564-1-250x250.jpg\" alt=\"Fleurs de Lavande\" \/><figcaption class=\"elementor-image-carousel-caption\">Lavande<\/figcaption><\/figure><\/div><div class=\"swiper-slide\"><figure class=\"swiper-slide-inner\"><img class=\"swiper-slide-image\" src=\"https:\/\/lafermedes5sens.com\/wp-content\/uploads\/2020\/04\/P1040955-250x250.jpg\" alt=\"Verveine citronn\u00e9e\" \/><figcaption class=\"elementor-image-carousel-caption\">Verveine citronn\u00e9e<\/figcaption><\/figure><\/div><div class=\"swiper-slide\"><figure class=\"swiper-slide-inner\"><img class=\"swiper-slide-image\" src=\"https:\/\/lafermedes5sens.com\/wp-content\/uploads\/2020\/04\/P1040871-2-250x250.jpg\" alt=\"S\u00e9chage Camomille romaine\" \/><figcaption class=\"elementor-image-carousel-caption\">Camomille romaine au s\u00e9choir<\/figcaption><\/figure><\/div>\t\t\t<\/div>\n\t\t\t\t\t\t\t\t\t\t\t\t<div class=\"swiper-pagination\"><\/div>\n\t\t\t\t\t\t\t\t\t\t\t\t\t<div class=\"elementor-swiper-button elementor-swiper-button-prev\">\n\t\t\t\t\t\t<i class=\"eicon-chevron-left\" aria-hidden=\"true\"><\/i>\n\t\t\t\t\t\t<span class=\"elementor-screen-only\">Pr\u00e9c\u00e9dent<\/span>\n\t\t\t\t\t<\/div>\n\t\t\t\t\t<div class=\"elementor-swiper-button elementor-swiper-button-next\">\n\t\t\t\t\t\t<i class=\"eicon-chevron-right\" aria-hidden=\"true\"><\/i>\n\t\t\t\t\t\t<span class=\"elementor-screen-only\">Suivant<\/span>\n\t\t\t\t\t<\/div>\n\t\t\t\t\t\t\t\t\t<\/div>\n\t\t\t\t<\/div>\n\t\t\t\t<\/div>\n\t\t\t\t<div class=\"elementor-element elementor-element-40fdfeaa elementor-widget elementor-widget-text-editor\" data-id=\"40fdfeaa\" data-element_type=\"widget\" data-widget_type=\"text-editor.default\">\n\t\t\t\t<div class=\"elementor-widget-container\">\n\t\t\t\t\t<div class=\"elementor-text-editor elementor-clearfix\"><\/div>\n\t\t\t\t<\/div>\n\t\t\t\t<\/div>\n\t\t\t\t\t\t<\/div>\n\t\t\t\t\t<\/div>\n\t\t<\/div>\n\t\t\t\t\t\t\t\t<\/div>\n\t\t\t\t\t<\/div>\n\t\t<\/section>\n\t\t\t\t\t\t<\/div>\n\t\t\t\t\t\t<\/div>\n\t\t\t\t\t<\/div>\n\t\t","protected":false},"excerpt":{"rendered":"<p>Pour obtenir une&nbsp;plante s\u00e8che&nbsp;de qualit\u00e9, il faut \u00eatre extr\u00eamement vigilant au moment de la r\u00e9colte&nbsp;: une bonne m\u00e9t\u00e9o est primordiale&nbsp;; puis il faut r\u00e9ussir \u00e0 acheminer rapidement les plantes vers le s\u00e9choir. Notre s\u00e9choir se compose de deux types de claies : de grandes claies pour les plantes cueillies en grandes quantit\u00e9s, telles la Verveine &hellip; <\/p>\n<p class=\"link-more\"><a href=\"https:\/\/lafermedes5sens.com\/index.php\/le-sechage-des-plantes\/\" class=\"more-link\">Continuer la lecture<span class=\"screen-reader-text\"> de &laquo;&nbsp;Le s\u00e9chage des plantes&nbsp;&raquo;<\/span><\/a><\/p>\n","protected":false},"author":1,"featured_media":0,"parent":0,"menu_order":0,"comment_status":"closed","ping_status":"closed","template":"","meta":[],"yoast_head":"<!-- This site is optimized with the Yoast SEO plugin v15.4 - https:\/\/yoast.com\/wordpress\/plugins\/seo\/ -->\n<title>Le s\u00e9chage des plantes - La Ferme des 5 sens<\/title>\n<meta name=\"description\" content=\"Nos plantes m\u00e9dicinales bio sont s\u00e9ch\u00e9es sur claies par ventilation naturelle. Nous obtenons ainsi des tisanes de qualit\u00e9 aux ar\u00f4mes puissants.\" \/>\n<meta name=\"robots\" content=\"index, follow, max-snippet:-1, max-image-preview:large, max-video-preview:-1\" \/>\n<link rel=\"canonical\" href=\"https:\/\/lafermedes5sens.com\/index.php\/le-sechage-des-plantes\/\" \/>\n<meta property=\"og:locale\" content=\"fr_FR\" \/>\n<meta property=\"og:type\" content=\"article\" \/>\n<meta property=\"og:title\" content=\"Le s\u00e9chage des plantes - La Ferme des 5 sens\" \/>\n<meta property=\"og:description\" content=\"Nos plantes m\u00e9dicinales bio sont s\u00e9ch\u00e9es sur claies par ventilation naturelle. Nous obtenons ainsi des tisanes de qualit\u00e9 aux ar\u00f4mes puissants.\" \/>\n<meta property=\"og:url\" content=\"https:\/\/lafermedes5sens.com\/index.php\/le-sechage-des-plantes\/\" \/>\n<meta property=\"og:site_name\" content=\"La Ferme des 5 sens\" \/>\n<meta property=\"article:modified_time\" content=\"2021-05-25T15:31:25+00:00\" \/>\n<meta property=\"og:image\" content=\"https:\/\/lafermedes5sens.com\/wp-content\/uploads\/2020\/04\/P1150601-575x1024.jpg\" \/>\n<meta name=\"twitter:card\" content=\"summary_large_image\" \/>\n<meta name=\"twitter:label1\" content=\"\u00c9crit par\">\n\t<meta name=\"twitter:data1\" content=\"admin5827\">\n\t<meta name=\"twitter:label2\" content=\"Dur\u00e9e de lecture est.\">\n\t<meta name=\"twitter:data2\" content=\"1 minute\">\n<script type=\"application\/ld+json\" class=\"yoast-schema-graph\">{\"@context\":\"https:\/\/schema.org\",\"@graph\":[{\"@type\":\"WebSite\",\"@id\":\"https:\/\/lafermedes5sens.com\/#website\",\"url\":\"https:\/\/lafermedes5sens.com\/\",\"name\":\"La Ferme des 5 sens\",\"description\":\"\",\"potentialAction\":[{\"@type\":\"SearchAction\",\"target\":\"https:\/\/lafermedes5sens.com\/?s={search_term_string}\",\"query-input\":\"required name=search_term_string\"}],\"inLanguage\":\"fr-FR\"},{\"@type\":\"ImageObject\",\"@id\":\"https:\/\/lafermedes5sens.com\/index.php\/le-sechage-des-plantes\/#primaryimage\",\"inLanguage\":\"fr-FR\",\"url\":\"https:\/\/lafermedes5sens.com\/wp-content\/uploads\/2020\/04\/P1150601-575x1024.jpg\"},{\"@type\":\"WebPage\",\"@id\":\"https:\/\/lafermedes5sens.com\/index.php\/le-sechage-des-plantes\/#webpage\",\"url\":\"https:\/\/lafermedes5sens.com\/index.php\/le-sechage-des-plantes\/\",\"name\":\"Le s\\u00e9chage des plantes - La Ferme des 5 sens\",\"isPartOf\":{\"@id\":\"https:\/\/lafermedes5sens.com\/#website\"},\"primaryImageOfPage\":{\"@id\":\"https:\/\/lafermedes5sens.com\/index.php\/le-sechage-des-plantes\/#primaryimage\"},\"datePublished\":\"2020-01-26T20:25:10+00:00\",\"dateModified\":\"2021-05-25T15:31:25+00:00\",\"description\":\"Nos plantes m\\u00e9dicinales bio sont s\\u00e9ch\\u00e9es sur claies par ventilation naturelle. Nous obtenons ainsi des tisanes de qualit\\u00e9 aux ar\\u00f4mes puissants.\",\"inLanguage\":\"fr-FR\",\"potentialAction\":[{\"@type\":\"ReadAction\",\"target\":[\"https:\/\/lafermedes5sens.com\/index.php\/le-sechage-des-plantes\/\"]}]}]}<\/script>\n<!-- \/ Yoast SEO plugin. -->","_links":{"self":[{"href":"https:\/\/lafermedes5sens.com\/index.php\/wp-json\/wp\/v2\/pages\/104"}],"collection":[{"href":"https:\/\/lafermedes5sens.com\/index.php\/wp-json\/wp\/v2\/pages"}],"about":[{"href":"https:\/\/lafermedes5sens.com\/index.php\/wp-json\/wp\/v2\/types\/page"}],"author":[{"embeddable":true,"href":"https:\/\/lafermedes5sens.com\/index.php\/wp-json\/wp\/v2\/users\/1"}],"replies":[{"embeddable":true,"href":"https:\/\/lafermedes5sens.com\/index.php\/wp-json\/wp\/v2\/comments?post=104"}],"version-history":[{"count":18,"href":"https:\/\/lafermedes5sens.com\/index.php\/wp-json\/wp\/v2\/pages\/104\/revisions"}],"predecessor-version":[{"id":649,"href":"https:\/\/lafermedes5sens.com\/index.php\/wp-json\/wp\/v2\/pages\/104\/revisions\/649"}],"wp:attachment":[{"href":"https:\/\/lafermedes5sens.com\/index.php\/wp-json\/wp\/v2\/media?parent=104"}],"curies":[{"name":"wp","href":"https:\/\/api.w.org\/{rel}","templated":true}]}}