{"id":10,"date":"2020-01-26T20:01:34","date_gmt":"2020-01-26T19:01:34","guid":{"rendered":"http:\/\/lafermedes5sens.com\/?page_id=10"},"modified":"2025-10-03T16:27:28","modified_gmt":"2025-10-03T14:27:28","slug":"a-propos-de","status":"publish","type":"page","link":"https:\/\/lafermedes5sens.com\/index.php\/a-propos-de\/","title":{"rendered":"O\u00f9 nous trouver"},"content":{"rendered":"\t\t<div data-elementor-type=\"wp-page\" data-elementor-id=\"10\" class=\"elementor elementor-10\" data-elementor-settings=\"[]\">\n\t\t\t\t\t\t<div class=\"elementor-inner\">\n\t\t\t\t\t\t\t<div class=\"elementor-section-wrap\">\n\t\t\t\t\t\t\t<section class=\"elementor-section elementor-top-section elementor-element elementor-element-30aaaf18 elementor-section-boxed elementor-section-height-default elementor-section-height-default\" data-id=\"30aaaf18\" data-element_type=\"section\">\n\t\t\t\t\t\t<div class=\"elementor-container elementor-column-gap-default\">\n\t\t\t\t\t\t\t<div class=\"elementor-row\">\n\t\t\t\t\t<div class=\"elementor-column elementor-col-100 elementor-top-column elementor-element elementor-element-133a1d11\" data-id=\"133a1d11\" data-element_type=\"column\">\n\t\t\t<div class=\"elementor-column-wrap elementor-element-populated\">\n\t\t\t\t\t\t\t<div class=\"elementor-widget-wrap\">\n\t\t\t\t\t\t<div class=\"elementor-element elementor-element-7f7f96b9 elementor-widget elementor-widget-text-editor\" data-id=\"7f7f96b9\" data-element_type=\"widget\" data-widget_type=\"text-editor.default\">\n\t\t\t\t<div class=\"elementor-widget-container\">\n\t\t\t\t\t<div class=\"elementor-text-editor elementor-clearfix\"><p><!-- wp:paragraph --><\/p>\n<p>La ferme des 5 sens est install\u00e9e \u00e0 Bonneval sur la commune de <b>Puy d\u2019Arnac<\/b>, \u00e0 10 min de Beaulieu-sur-Dordogne et \u00e0 35 min de Brive-la-Gaillarde. Nous commercialisons nos produits en vente directe et en circuits courts, en <b>Corr\u00e8ze <\/b>et dans le <b>Lot<\/b>, et jusqu&#8217;\u00e0 Limoges pour les plantes m\u00e9dicinales.<\/p>\n<p>Du printemps \u00e0 l&#8217;automne, retrouvez-nous \u00e9galement sur les <b>foires bio locales<\/b> ! A Beaulieu-sur-Dordogne, Meyssac et Brive-la-Gaillarde notamment.<\/p>\n<p><!-- \/wp:paragraph --><\/p><\/div>\n\t\t\t\t<\/div>\n\t\t\t\t<\/div>\n\t\t\t\t<div class=\"elementor-element elementor-element-2f5a14d elementor-widget elementor-widget-google_maps\" data-id=\"2f5a14d\" data-element_type=\"widget\" data-widget_type=\"google_maps.default\">\n\t\t\t\t<div class=\"elementor-widget-container\">\n\t\t\t<div class=\"elementor-custom-embed\"><iframe frameborder=\"0\" scrolling=\"no\" marginheight=\"0\" marginwidth=\"0\" src=\"https:\/\/maps.google.com\/maps?q=bonneval%20puy%20d%27arnac&amp;t=m&amp;z=9&amp;output=embed&amp;iwloc=near\" title=\"bonneval puy d&#039;arnac\" aria-label=\"bonneval puy d&#039;arnac\"><\/iframe><\/div>\t\t<\/div>\n\t\t\t\t<\/div>\n\t\t\t\t\t\t<\/div>\n\t\t\t\t\t<\/div>\n\t\t<\/div>\n\t\t\t\t\t\t\t\t<\/div>\n\t\t\t\t\t<\/div>\n\t\t<\/section>\n\t\t\t\t<section class=\"elementor-section elementor-top-section elementor-element elementor-element-746583b elementor-section-boxed elementor-section-height-default elementor-section-height-default\" data-id=\"746583b\" data-element_type=\"section\">\n\t\t\t\t\t\t<div class=\"elementor-container elementor-column-gap-wide\">\n\t\t\t\t\t\t\t<div class=\"elementor-row\">\n\t\t\t\t\t<div class=\"elementor-column elementor-col-33 elementor-top-column elementor-element elementor-element-eb69532\" data-id=\"eb69532\" data-element_type=\"column\">\n\t\t\t<div class=\"elementor-column-wrap elementor-element-populated\">\n\t\t\t\t\t\t\t<div class=\"elementor-widget-wrap\">\n\t\t\t\t\t\t<div class=\"elementor-element elementor-element-993a212 elementor-widget elementor-widget-heading\" data-id=\"993a212\" data-element_type=\"widget\" data-widget_type=\"heading.default\">\n\t\t\t\t<div class=\"elementor-widget-container\">\n\t\t\t<h2 class=\"elementor-heading-title elementor-size-medium\">Pour commander <br>un colis d'agneau bio<\/h2>\t\t<\/div>\n\t\t\t\t<\/div>\n\t\t\t\t<section class=\"elementor-section elementor-inner-section elementor-element elementor-element-e8bc67a elementor-section-boxed elementor-section-height-default elementor-section-height-default\" data-id=\"e8bc67a\" data-element_type=\"section\">\n\t\t\t\t\t\t<div class=\"elementor-container elementor-column-gap-default\">\n\t\t\t\t\t\t\t<div class=\"elementor-row\">\n\t\t\t\t\t<div class=\"elementor-column elementor-col-100 elementor-inner-column elementor-element elementor-element-c1590d6\" data-id=\"c1590d6\" data-element_type=\"column\">\n\t\t\t<div class=\"elementor-column-wrap elementor-element-populated\">\n\t\t\t\t\t\t\t<div class=\"elementor-widget-wrap\">\n\t\t\t\t\t\t<div class=\"elementor-element elementor-element-0ae1e62 elementor-widget elementor-widget-text-editor\" data-id=\"0ae1e62\" data-element_type=\"widget\" data-widget_type=\"text-editor.default\">\n\t\t\t\t<div class=\"elementor-widget-container\">\n\t\t\t\t\t<div class=\"elementor-text-editor elementor-clearfix\"><ul>\n<li>Contacter Mathieu par t\u00e9l\u00e9phone : 07 70 32 42 89.<\/li>\n<li>Ou \u00e9crire \u00e0 la ferme par mail : lafermedes5sens@laposte.net<\/li>\n<\/ul><\/div>\n\t\t\t\t<\/div>\n\t\t\t\t<\/div>\n\t\t\t\t\t\t<\/div>\n\t\t\t\t\t<\/div>\n\t\t<\/div>\n\t\t\t\t\t\t\t\t<\/div>\n\t\t\t\t\t<\/div>\n\t\t<\/section>\n\t\t\t\t\t\t<\/div>\n\t\t\t\t\t<\/div>\n\t\t<\/div>\n\t\t\t\t<div class=\"elementor-column elementor-col-33 elementor-top-column elementor-element elementor-element-a47fb63\" data-id=\"a47fb63\" data-element_type=\"column\">\n\t\t\t<div class=\"elementor-column-wrap elementor-element-populated\">\n\t\t\t\t\t\t\t<div class=\"elementor-widget-wrap\">\n\t\t\t\t\t\t<div class=\"elementor-element elementor-element-bd8a59c elementor-widget elementor-widget-heading\" data-id=\"bd8a59c\" data-element_type=\"widget\" data-widget_type=\"heading.default\">\n\t\t\t\t<div class=\"elementor-widget-container\">\n\t\t\t<h2 class=\"elementor-heading-title elementor-size-default\">Pour acheter nos plantes m\u00e9dicinales bio<\/h2>\t\t<\/div>\n\t\t\t\t<\/div>\n\t\t\t\t<div class=\"elementor-element elementor-element-bd6932e elementor-widget elementor-widget-text-editor\" data-id=\"bd6932e\" data-element_type=\"widget\" data-widget_type=\"text-editor.default\">\n\t\t\t\t<div class=\"elementor-widget-container\">\n\t\t\t\t\t<div class=\"elementor-text-editor elementor-clearfix\"><ul>\n<li>A la ferme, sur rdv aupr\u00e8s de Flavie:07 80 42 26 95.<\/li>\n<li>Rendez-vous \u00e0 l&#8217;onglet <i><a href=\"https:\/\/lafermedes5sens.com\/index.php\/boutique\/\">&#8220;Boutique&#8221;<\/a><\/i> de notre site internet !<\/li>\n<\/ul>\n<div>\n<div><span style=\"font-weight: bold;\"><u>En Corr\u00e8ze (19)<\/u>\u00a0:<\/span><\/div>\n<div><span style=\"font-weight: bold;\">\u00a0<\/span><\/div>\n<ul>\n<li><i><a href=\"https:\/\/app.cagette.net\/group\/1264\">La Locaux Motiv&#8217;<\/a><\/i>\u00a0: syst\u00e8me de pr\u00e9-commande par internet aupr\u00e8s d&#8217;une association de producteurs. Retrait de la commande le vendredi soir \u00e0 la Brasserie Corr\u00e9zienne, Le Noual, 19500 MARCILLAC-LA-CROZE.<\/li>\n<li><i><a href=\"https:\/\/www.savon-et-cosmetique-au-lait-d-anesse.com\/\">Boutique de la savonnerie du Domaine de Tamara<\/a><\/i>, rue de la Barri\u00e8re, 19500 COLLONGES-LA-ROUGE.<\/li>\n<li><em><strong>Lou p\u00e9 d\u00e9 gril<\/strong><\/em>: 77 route de Branceilles 19500 CUREMONTE<\/li>\n<\/ul>\n<p><u style=\"font-size: 1rem; font-weight: bold; color: #777777; font-family: asap;\">Dans le Lot (46)<\/u><span style=\"font-size: 1rem; font-weight: bold; color: #777777; font-family: asap;\">\u00a0:<\/span><\/p>\n<ul>\n<li><i><a href=\"http:\/\/penseesbio.com\/\">Pens\u00e9es bio<\/a><\/i>, 43 avenue de la R\u00e9publique, 46130 BIARS-SUR-CERE.<\/li>\n<li>\u00a0<i><a href=\"https:\/\/www.facebook.com\/auxpresdecheznous\">Aux pr\u00e9s de chez nous<\/a>\u00a0<\/i>(magasin de producteurs), 8 rue Jacques Chapou, 46400 SAINT-CERE.<\/li>\n<li><i><a href=\"http:\/\/canopyfood.fr\/\">Canopy<\/a>\u00a0<\/i>(magasin bio), Centre La Halle &#8211; Carrefour Contact, 46110 LES QUATRE ROUTES DU LOT.<\/li>\n<li><strong><em>Les Girofl\u00e9es<\/em><\/strong> (magasin de producteurs) 1 Av Emile Bouyssou 46100 FIGEAC<\/li>\n<\/ul>\n<p><b style=\"font-size: 1rem; color: #777777; font-family: asap;\"><u>En Haute-Vienne (87)<\/u> :<\/b><\/p>\n<ul>\n<li><i><a href=\"https:\/\/www.biocoop-uzurat.com\/\">Biocoop Uzurat<\/a><\/i>, 1 rue Pierre Michaux, ZI Nord, 87280 LIMOGES.<\/li>\n<li><i><strong>Saveurs Fermi\u00e8res<\/strong> (magasins de producteurs)\u00a0<\/i>10 rue de la c\u00e9ramique\/38 rue de la Mauvendi\u00e8re 87000 LIMOGES<\/li>\n<\/ul>\n<\/div><\/div>\n\t\t\t\t<\/div>\n\t\t\t\t<\/div>\n\t\t\t\t\t\t<\/div>\n\t\t\t\t\t<\/div>\n\t\t<\/div>\n\t\t\t\t<div class=\"elementor-column elementor-col-33 elementor-top-column elementor-element elementor-element-b115e98\" data-id=\"b115e98\" data-element_type=\"column\">\n\t\t\t<div class=\"elementor-column-wrap elementor-element-populated\">\n\t\t\t\t\t\t\t<div class=\"elementor-widget-wrap\">\n\t\t\t\t\t\t<div class=\"elementor-element elementor-element-27e371d elementor-widget elementor-widget-heading\" data-id=\"27e371d\" data-element_type=\"widget\" data-widget_type=\"heading.default\">\n\t\t\t\t<div class=\"elementor-widget-container\">\n\t\t\t<h2 class=\"elementor-heading-title elementor-size-default\">Pour acheter <br>nos l\u00e9gumes bio<\/h2>\t\t<\/div>\n\t\t\t\t<\/div>\n\t\t\t\t<div class=\"elementor-element elementor-element-fe5efcf elementor-widget elementor-widget-text-editor\" data-id=\"fe5efcf\" data-element_type=\"widget\" data-widget_type=\"text-editor.default\">\n\t\t\t\t<div class=\"elementor-widget-container\">\n\t\t\t\t\t<div class=\"elementor-text-editor elementor-clearfix\"><div><b><u>En Corr\u00e8ze (19)<\/u> :<\/b><\/div>\n<ul>\n<li><i><a href=\"https:\/\/app.cagette.net\/group\/1264\">La Locaux Motiv&#8217;<\/a><\/i>\u00a0: syst\u00e8me de pr\u00e9-commande par internet aupr\u00e8s d&#8217;une association de producteurs. Retrait de la commande le vendredi soir \u00e0 la Brasserie Corr\u00e9zienne, Le Noual, 19500 MARCILLAC-LA-CROZE.<\/li>\n<li><span style=\"color: #000000;\"><i><a href=\"https:\/\/www.biocoop-brive-laroche.fr\/\">Biocoop<\/a><\/i><\/span>, rue Robert Margerit, ZAC du Mazaud, 19100 BRIVE-LA-GAILLARDE.<\/li>\n<li><span style=\"color: #000000;\"><i><a href=\"https:\/\/www.biocoop-malemort.fr\/\">Biocoop<\/a><\/i><\/span>, 57 avenue de la Lib\u00e9ration, 19360 MALEMORT-SUR-CORREZE.<\/li>\n<\/ul>\n<p><b style=\"font-size: 1rem; color: #777777; font-family: asap;\"><u>Dans le Lot (46)<\/u> :<\/b><\/p>\n<ul>\n<li><i><a href=\"http:\/\/penseesbio.com\/\">Pens\u00e9es bio<\/a><\/i>, 43 avenue de la R\u00e9publique, 46130 BIARS-SUR-CERE.<\/li>\n<li><i><a href=\"http:\/\/canopyfood.fr\/\">Canopy<\/a>\u00a0<\/i>(magasin bio), Centre La Halle &#8211; Carrefour Contact, 46110 LES QUATRE ROUTES DU LOT.<\/li>\n<\/ul><\/div>\n\t\t\t\t<\/div>\n\t\t\t\t<\/div>\n\t\t\t\t\t\t<\/div>\n\t\t\t\t\t<\/div>\n\t\t<\/div>\n\t\t\t\t\t\t\t\t<\/div>\n\t\t\t\t\t<\/div>\n\t\t<\/section>\n\t\t\t\t\t\t<\/div>\n\t\t\t\t\t\t<\/div>\n\t\t\t\t\t<\/div>\n\t\t","protected":false},"excerpt":{"rendered":"<p>La ferme des 5 sens est install\u00e9e \u00e0 Bonneval sur la commune de Puy d\u2019Arnac, \u00e0 10 min de Beaulieu-sur-Dordogne et \u00e0 35 min de Brive-la-Gaillarde. Nous commercialisons nos produits en vente directe et en circuits courts, en Corr\u00e8ze et dans le Lot, et jusqu&#8217;\u00e0 Limoges pour les plantes m\u00e9dicinales. Du printemps \u00e0 l&#8217;automne, retrouvez-nous &hellip; <\/p>\n<p class=\"link-more\"><a href=\"https:\/\/lafermedes5sens.com\/index.php\/a-propos-de\/\" class=\"more-link\">Continuer la lecture<span class=\"screen-reader-text\"> de &laquo;&nbsp;O\u00f9 nous trouver&nbsp;&raquo;<\/span><\/a><\/p>\n","protected":false},"author":1,"featured_media":69,"parent":0,"menu_order":0,"comment_status":"closed","ping_status":"closed","template":"","meta":[],"yoast_head":"<!-- This site is optimized with the Yoast SEO plugin v15.4 - https:\/\/yoast.com\/wordpress\/plugins\/seo\/ -->\n<title>O\u00f9 nous trouver - La Ferme des 5 sens<\/title>\n<meta name=\"description\" content=\"Retrouvez tous les lieux de revente des produits de la ferme des 5 sens : magasins bio, magasins de producteurs, associations de la Locaux Motiv&#039;..\" \/>\n<meta name=\"robots\" content=\"index, follow, max-snippet:-1, max-image-preview:large, max-video-preview:-1\" \/>\n<link rel=\"canonical\" href=\"https:\/\/lafermedes5sens.com\/index.php\/a-propos-de\/\" \/>\n<meta property=\"og:locale\" content=\"fr_FR\" \/>\n<meta property=\"og:type\" content=\"article\" \/>\n<meta property=\"og:title\" content=\"O\u00f9 nous trouver - La Ferme des 5 sens\" \/>\n<meta property=\"og:description\" content=\"Retrouvez tous les lieux de revente des produits de la ferme des 5 sens : magasins bio, magasins de producteurs, associations de la Locaux Motiv&#039;..\" \/>\n<meta property=\"og:url\" content=\"https:\/\/lafermedes5sens.com\/index.php\/a-propos-de\/\" \/>\n<meta property=\"og:site_name\" content=\"La Ferme des 5 sens\" \/>\n<meta property=\"article:modified_time\" content=\"2025-10-03T14:27:28+00:00\" \/>\n<meta property=\"og:image\" content=\"https:\/\/lafermedes5sens.com\/wp-content\/uploads\/2020\/01\/P1150833-scaled.jpg\" \/>\n\t<meta property=\"og:image:width\" content=\"2560\" \/>\n\t<meta property=\"og:image:height\" content=\"1439\" \/>\n<meta name=\"twitter:card\" content=\"summary_large_image\" \/>\n<meta name=\"twitter:label1\" content=\"\u00c9crit par\">\n\t<meta name=\"twitter:data1\" content=\"admin5827\">\n\t<meta name=\"twitter:label2\" content=\"Dur\u00e9e de lecture est.\">\n\t<meta name=\"twitter:data2\" content=\"1 minute\">\n<script type=\"application\/ld+json\" class=\"yoast-schema-graph\">{\"@context\":\"https:\/\/schema.org\",\"@graph\":[{\"@type\":\"WebSite\",\"@id\":\"https:\/\/lafermedes5sens.com\/#website\",\"url\":\"https:\/\/lafermedes5sens.com\/\",\"name\":\"La Ferme des 5 sens\",\"description\":\"\",\"potentialAction\":[{\"@type\":\"SearchAction\",\"target\":\"https:\/\/lafermedes5sens.com\/?s={search_term_string}\",\"query-input\":\"required name=search_term_string\"}],\"inLanguage\":\"fr-FR\"},{\"@type\":\"ImageObject\",\"@id\":\"https:\/\/lafermedes5sens.com\/index.php\/a-propos-de\/#primaryimage\",\"inLanguage\":\"fr-FR\",\"url\":\"https:\/\/lafermedes5sens.com\/wp-content\/uploads\/2020\/01\/P1150833-scaled.jpg\",\"width\":2560,\"height\":1439},{\"@type\":\"WebPage\",\"@id\":\"https:\/\/lafermedes5sens.com\/index.php\/a-propos-de\/#webpage\",\"url\":\"https:\/\/lafermedes5sens.com\/index.php\/a-propos-de\/\",\"name\":\"O\\u00f9 nous trouver - La Ferme des 5 sens\",\"isPartOf\":{\"@id\":\"https:\/\/lafermedes5sens.com\/#website\"},\"primaryImageOfPage\":{\"@id\":\"https:\/\/lafermedes5sens.com\/index.php\/a-propos-de\/#primaryimage\"},\"datePublished\":\"2020-01-26T19:01:34+00:00\",\"dateModified\":\"2025-10-03T14:27:28+00:00\",\"description\":\"Retrouvez tous les lieux de revente des produits de la ferme des 5 sens : magasins bio, magasins de producteurs, associations de la Locaux Motiv'..\",\"inLanguage\":\"fr-FR\",\"potentialAction\":[{\"@type\":\"ReadAction\",\"target\":[\"https:\/\/lafermedes5sens.com\/index.php\/a-propos-de\/\"]}]}]}<\/script>\n<!-- \/ Yoast SEO plugin. -->","_links":{"self":[{"href":"https:\/\/lafermedes5sens.com\/index.php\/wp-json\/wp\/v2\/pages\/10"}],"collection":[{"href":"https:\/\/lafermedes5sens.com\/index.php\/wp-json\/wp\/v2\/pages"}],"about":[{"href":"https:\/\/lafermedes5sens.com\/index.php\/wp-json\/wp\/v2\/types\/page"}],"author":[{"embeddable":true,"href":"https:\/\/lafermedes5sens.com\/index.php\/wp-json\/wp\/v2\/users\/1"}],"replies":[{"embeddable":true,"href":"https:\/\/lafermedes5sens.com\/index.php\/wp-json\/wp\/v2\/comments?post=10"}],"version-history":[{"count":41,"href":"https:\/\/lafermedes5sens.com\/index.php\/wp-json\/wp\/v2\/pages\/10\/revisions"}],"predecessor-version":[{"id":832,"href":"https:\/\/lafermedes5sens.com\/index.php\/wp-json\/wp\/v2\/pages\/10\/revisions\/832"}],"wp:featuredmedia":[{"embeddable":true,"href":"https:\/\/lafermedes5sens.com\/index.php\/wp-json\/wp\/v2\/media\/69"}],"wp:attachment":[{"href":"https:\/\/lafermedes5sens.com\/index.php\/wp-json\/wp\/v2\/media?parent=10"}],"curies":[{"name":"wp","href":"https:\/\/api.w.org\/{rel}","templated":true}]}}